{"id":6280,"date":"2020-02-15T10:38:12","date_gmt":"2020-02-15T09:38:12","guid":{"rendered":"https:\/\/www.roth.cz\/blog\/"},"modified":"2025-12-02T06:12:26","modified_gmt":"2025-12-02T05:12:26","slug":"blog","status":"publish","type":"page","link":"https:\/\/www.roth.cz\/de\/blog\/","title":{"rendered":"Blog"},"content":{"rendered":"\t\t<div data-elementor-type=\"wp-page\" data-elementor-id=\"6280\" class=\"elementor elementor-6280 elementor-18\" data-elementor-post-type=\"page\">\n\t\t\t\t\t\t<section class=\"elementor-section elementor-top-section elementor-element elementor-element-6a0f6f7 elementor-section-content-middle elementor-section-boxed elementor-section-height-default elementor-section-height-default\" data-id=\"6a0f6f7\" data-element_type=\"section\" data-e-type=\"section\">\n\t\t\t\t\t\t<div class=\"elementor-container elementor-column-gap-wider\">\n\t\t\t\t\t<div class=\"elementor-column elementor-col-50 elementor-top-column elementor-element elementor-element-eb23d2d\" data-id=\"eb23d2d\" data-element_type=\"column\" data-e-type=\"column\">\n\t\t\t<div class=\"elementor-widget-wrap elementor-element-populated\">\n\t\t\t\t\t\t<div class=\"elementor-element elementor-element-3d6db17 elementor-widget elementor-widget-heading\" data-id=\"3d6db17\" data-element_type=\"widget\" data-e-type=\"widget\" data-widget_type=\"heading.default\">\n\t\t\t\t\t<h3 class=\"elementor-heading-title elementor-size-default\">Blog<\/h3>\t\t\t\t<\/div>\n\t\t\t\t\t<\/div>\n\t\t<\/div>\n\t\t\t\t<div class=\"elementor-column elementor-col-50 elementor-top-column elementor-element elementor-element-a82018f\" data-id=\"a82018f\" data-element_type=\"column\" data-e-type=\"column\">\n\t\t\t<div class=\"elementor-widget-wrap elementor-element-populated\">\n\t\t\t\t\t\t<div class=\"elementor-element elementor-element-8bd3be3 elementor-widget__width-auto elementor-widget elementor-widget-heading\" data-id=\"8bd3be3\" data-element_type=\"widget\" data-e-type=\"widget\" data-widget_type=\"heading.default\">\n\t\t\t\t\t<h3 class=\"elementor-heading-title elementor-size-default\">Aktuelle Neuigkeiten und Blogbeitr\u00e4ge<\/h3>\t\t\t\t<\/div>\n\t\t\t\t\t<\/div>\n\t\t<\/div>\n\t\t\t\t\t<\/div>\n\t\t<\/section>\n\t\t\t\t<section class=\"elementor-section elementor-top-section elementor-element elementor-element-90e689f elementor-section-boxed elementor-section-height-default elementor-section-height-default\" data-id=\"90e689f\" data-element_type=\"section\" data-e-type=\"section\">\n\t\t\t\t\t\t<div class=\"elementor-container elementor-column-gap-wider\">\n\t\t\t\t\t<div class=\"elementor-column elementor-col-100 elementor-top-column elementor-element elementor-element-d3af813\" data-id=\"d3af813\" data-element_type=\"column\" data-e-type=\"column\">\n\t\t\t<div class=\"elementor-widget-wrap elementor-element-populated\">\n\t\t\t\t\t\t<div class=\"elementor-element elementor-element-7738ee6 preserve-img-ratio-cover elementor-widget elementor-widget-the7_elements\" data-id=\"7738ee6\" data-element_type=\"widget\" data-e-type=\"widget\" data-widget_type=\"the7_elements.default\">\n\t\t\t\t<div class=\"elementor-widget-container\">\n\t\t\t\t\t<div class=\"portfolio-shortcode the7-elementor-widget the7_elements-7738ee6 mode-grid dt-css-grid-wrap classic-layout-list description-under-image content-bg-on resize-by-browser-width loading-effect-none\" data-padding=\"60px\" data-mobile-columns-num=\"1\" data-tablet-columns-num=\"2\" data-desktop-columns-num=\"3\" data-wide-desktop-columns-num=\"3\" data-post-limit=\"-1\" data-pagination-mode=\"standard\" data-scroll-offset=\"\"><div class=\"dt-css-grid custom-pagination-handler\"><div class=\"visible wf-cell\" data-post-id=\"6461\" data-date=\"2025-10-07T09:31:31+02:00\" data-name=\"Notfalllogistik: Wie man weltweit mit Last-Minute-Versandt umgeht\"><article class=\"post visible post-6461 type-post status-publish format-standard has-post-thumbnail hentry category-news\" data-name=\"Notfalllogistik: Wie man weltweit mit Last-Minute-Versandt umgeht\" data-date=\"2025-10-07T09:31:31+02:00\">\n\n\t<div class=\"post-thumbnail-wrap\">\n\t\t<div class=\"post-thumbnail\">\n\n\t\t\t<a class=\"post-thumbnail-rollover layzr-bg img-css-resize-wrapper\" aria-label=\"Post image\" href=\"https:\/\/www.roth.cz\/de\/notfalllogistik-wie-man-weltweit-mit-last-minute-versandt-umgeht\/\"><img fetchpriority=\"high\" decoding=\"async\" width=\"1500\" height=\"1000\" src=\"data:image\/svg+xml,%3Csvg%20xmlns%3D&#039;http%3A%2F%2Fwww.w3.org%2F2000%2Fsvg&#039;%20viewBox%3D&#039;0%200%201500%201000&#039;%2F%3E\" class=\"attachment-full size-full preload-me aspect lazy lazy-load\" alt=\"\" sizes=\"(max-width: 1500px) 100vw, 1500px\" style=\"--ratio: 1500 \/ 1000;\" data-src=\"https:\/\/www.roth.cz\/wp-content\/uploads\/2020\/02\/tr003.jpg\" loading=\"eager\" data-srcset=\"https:\/\/www.roth.cz\/wp-content\/uploads\/2020\/02\/tr003.jpg 1500w, https:\/\/www.roth.cz\/wp-content\/uploads\/2020\/02\/tr003-300x200.jpg 300w, https:\/\/www.roth.cz\/wp-content\/uploads\/2020\/02\/tr003-1024x683.jpg 1024w, https:\/\/www.roth.cz\/wp-content\/uploads\/2020\/02\/tr003-768x512.jpg 768w\" \/><span class=\"the7-hover-icon\"><svg aria-hidden=\"true\" class=\"e-font-icon-svg e-fas-ellipsis-h\" viewBox=\"0 0 512 512\" xmlns=\"http:\/\/www.w3.org\/2000\/svg\"><path d=\"M328 256c0 39.8-32.2 72-72 72s-72-32.2-72-72 32.2-72 72-72 72 32.2 72 72zm104-72c-39.8 0-72 32.2-72 72s32.2 72 72 72 72-32.2 72-72-32.2-72-72-72zm-352 0c-39.8 0-72 32.2-72 72s32.2 72 72 72 72-32.2 72-72-32.2-72-72-72z\"><\/path><\/svg><\/span><\/a>\n\t\t<\/div>\n\t<\/div>\n\n\n<div class=\"post-entry-content\">\n\n\t<h3 class=\"ele-entry-title\"><a href=\"https:\/\/www.roth.cz\/de\/notfalllogistik-wie-man-weltweit-mit-last-minute-versandt-umgeht\/\" rel=\"bookmark\" title=\"Notfalllogistik: Wie man weltweit mit Last-Minute-Versandt umgeht\">Notfalllogistik: Wie man weltweit mit Last-Minute-Versandt umgeht<\/a><\/h3><div class=\"entry-meta\"><a href=\"https:\/\/www.roth.cz\/de\/2025\/10\/07\/\" title=\"9:31\" class=\"meta-item data-link\" rel=\"bookmark\"><time class=\"entry-date updated\" datetime=\"2025-10-07T09:31:31+02:00\">7. 10. 2025<\/time><\/a><\/div>\n<\/div><\/article><\/div><div class=\"visible wf-cell\" data-post-id=\"6464\" data-date=\"2025-09-10T09:31:50+02:00\" data-name=\"Warum Luftfracht die beste Wahl f\u00fcr Ihre zeitkritische Sendungen\"><article class=\"post visible post-6464 type-post status-publish format-standard has-post-thumbnail hentry category-news\" data-name=\"Warum Luftfracht die beste Wahl f\u00fcr Ihre zeitkritische Sendungen\" data-date=\"2025-09-10T09:31:50+02:00\">\n\n\t<div class=\"post-thumbnail-wrap\">\n\t\t<div class=\"post-thumbnail\">\n\n\t\t\t<a class=\"post-thumbnail-rollover layzr-bg img-css-resize-wrapper\" aria-label=\"Post image\" href=\"https:\/\/www.roth.cz\/de\/warum-luftfracht-die-beste-wahl-fuer-ihre-zeitkritische-sendungen\/\"><img decoding=\"async\" width=\"900\" height=\"600\" src=\"data:image\/svg+xml,%3Csvg%20xmlns%3D&#039;http%3A%2F%2Fwww.w3.org%2F2000%2Fsvg&#039;%20viewBox%3D&#039;0%200%20900%20600&#039;%2F%3E\" class=\"attachment-full size-full preload-me aspect lazy lazy-load\" alt=\"\" sizes=\"(max-width: 900px) 100vw, 900px\" style=\"--ratio: 900 \/ 600;\" data-src=\"https:\/\/www.roth.cz\/wp-content\/uploads\/2025\/11\/cargo.jpg\" loading=\"eager\" data-srcset=\"https:\/\/www.roth.cz\/wp-content\/uploads\/2025\/11\/cargo.jpg 900w, https:\/\/www.roth.cz\/wp-content\/uploads\/2025\/11\/cargo-300x200.jpg 300w, https:\/\/www.roth.cz\/wp-content\/uploads\/2025\/11\/cargo-768x512.jpg 768w\" \/><span class=\"the7-hover-icon\"><svg aria-hidden=\"true\" class=\"e-font-icon-svg e-fas-ellipsis-h\" viewBox=\"0 0 512 512\" xmlns=\"http:\/\/www.w3.org\/2000\/svg\"><path d=\"M328 256c0 39.8-32.2 72-72 72s-72-32.2-72-72 32.2-72 72-72 72 32.2 72 72zm104-72c-39.8 0-72 32.2-72 72s32.2 72 72 72 72-32.2 72-72-32.2-72-72-72zm-352 0c-39.8 0-72 32.2-72 72s32.2 72 72 72 72-32.2 72-72-32.2-72-72-72z\"><\/path><\/svg><\/span><\/a>\n\t\t<\/div>\n\t<\/div>\n\n\n<div class=\"post-entry-content\">\n\n\t<h3 class=\"ele-entry-title\"><a href=\"https:\/\/www.roth.cz\/de\/warum-luftfracht-die-beste-wahl-fuer-ihre-zeitkritische-sendungen\/\" rel=\"bookmark\" title=\"Warum Luftfracht die beste Wahl f\u00fcr Ihre zeitkritische Sendungen\">Warum Luftfracht die beste Wahl f\u00fcr Ihre zeitkritische Sendungen<\/a><\/h3><div class=\"entry-meta\"><a href=\"https:\/\/www.roth.cz\/de\/2025\/09\/10\/\" title=\"9:31\" class=\"meta-item data-link\" rel=\"bookmark\"><time class=\"entry-date updated\" datetime=\"2025-09-10T09:31:50+02:00\">10. 9. 2025<\/time><\/a><\/div>\n<\/div><\/article><\/div><div class=\"visible wf-cell\" data-post-id=\"6467\" data-date=\"2025-08-13T09:32:05+02:00\" data-name=\"Die Vorteile eines kosteng\u00fcnstigen Versands mit ROTH Cargo\"><article class=\"post visible post-6467 type-post status-publish format-standard has-post-thumbnail hentry category-news\" data-name=\"Die Vorteile eines kosteng\u00fcnstigen Versands mit ROTH Cargo\" data-date=\"2025-08-13T09:32:05+02:00\">\n\n\t<div class=\"post-thumbnail-wrap\">\n\t\t<div class=\"post-thumbnail\">\n\n\t\t\t<a class=\"post-thumbnail-rollover layzr-bg img-css-resize-wrapper\" aria-label=\"Post image\" href=\"https:\/\/www.roth.cz\/de\/die-vorteile-eines-kostenguenstigen-versands-mit-roth-cargo\/\"><img decoding=\"async\" width=\"1500\" height=\"1000\" src=\"data:image\/svg+xml,%3Csvg%20xmlns%3D&#039;http%3A%2F%2Fwww.w3.org%2F2000%2Fsvg&#039;%20viewBox%3D&#039;0%200%201500%201000&#039;%2F%3E\" class=\"attachment-full size-full preload-me aspect lazy lazy-load\" alt=\"\" sizes=\"(max-width: 1500px) 100vw, 1500px\" style=\"--ratio: 1500 \/ 1000;\" data-src=\"https:\/\/www.roth.cz\/wp-content\/uploads\/2020\/02\/tr004.jpg\" loading=\"eager\" data-srcset=\"https:\/\/www.roth.cz\/wp-content\/uploads\/2020\/02\/tr004.jpg 1500w, https:\/\/www.roth.cz\/wp-content\/uploads\/2020\/02\/tr004-300x200.jpg 300w, https:\/\/www.roth.cz\/wp-content\/uploads\/2020\/02\/tr004-1024x683.jpg 1024w, https:\/\/www.roth.cz\/wp-content\/uploads\/2020\/02\/tr004-768x512.jpg 768w\" \/><span class=\"the7-hover-icon\"><svg aria-hidden=\"true\" class=\"e-font-icon-svg e-fas-ellipsis-h\" viewBox=\"0 0 512 512\" xmlns=\"http:\/\/www.w3.org\/2000\/svg\"><path d=\"M328 256c0 39.8-32.2 72-72 72s-72-32.2-72-72 32.2-72 72-72 72 32.2 72 72zm104-72c-39.8 0-72 32.2-72 72s32.2 72 72 72 72-32.2 72-72-32.2-72-72-72zm-352 0c-39.8 0-72 32.2-72 72s32.2 72 72 72 72-32.2 72-72-32.2-72-72-72z\"><\/path><\/svg><\/span><\/a>\n\t\t<\/div>\n\t<\/div>\n\n\n<div class=\"post-entry-content\">\n\n\t<h3 class=\"ele-entry-title\"><a href=\"https:\/\/www.roth.cz\/de\/die-vorteile-eines-kostenguenstigen-versands-mit-roth-cargo\/\" rel=\"bookmark\" title=\"Die Vorteile eines kosteng\u00fcnstigen Versands mit ROTH Cargo\">Die Vorteile eines kosteng\u00fcnstigen Versands mit ROTH Cargo<\/a><\/h3><div class=\"entry-meta\"><a href=\"https:\/\/www.roth.cz\/de\/2025\/08\/13\/\" title=\"9:32\" class=\"meta-item data-link\" rel=\"bookmark\"><time class=\"entry-date updated\" datetime=\"2025-08-13T09:32:05+02:00\">13. 8. 2025<\/time><\/a><\/div>\n<\/div><\/article><\/div><div class=\"visible wf-cell\" data-post-id=\"6471\" data-date=\"2025-07-03T09:32:22+02:00\" data-name=\"Der ROTH Cargo-Ansatz f\u00fcr den Transport zerbrechliche G\u00fcter\"><article class=\"post visible post-6471 type-post status-publish format-standard has-post-thumbnail hentry category-news\" data-name=\"Der ROTH Cargo-Ansatz f\u00fcr den Transport zerbrechliche G\u00fcter\" data-date=\"2025-07-03T09:32:22+02:00\">\n\n\t<div class=\"post-thumbnail-wrap\">\n\t\t<div class=\"post-thumbnail\">\n\n\t\t\t<a class=\"post-thumbnail-rollover layzr-bg img-css-resize-wrapper\" aria-label=\"Post image\" href=\"https:\/\/www.roth.cz\/de\/der-roth-cargo-ansatz-fuer-den-transport-zerbrechliche-gueter\/\"><img decoding=\"async\" width=\"900\" height=\"600\" src=\"data:image\/svg+xml,%3Csvg%20xmlns%3D&#039;http%3A%2F%2Fwww.w3.org%2F2000%2Fsvg&#039;%20viewBox%3D&#039;0%200%20900%20600&#039;%2F%3E\" class=\"attachment-full size-full preload-me aspect lazy lazy-load\" alt=\"\" sizes=\"(max-width: 900px) 100vw, 900px\" style=\"--ratio: 900 \/ 600;\" data-src=\"https:\/\/www.roth.cz\/wp-content\/uploads\/2025\/11\/ship.jpg\" loading=\"eager\" data-srcset=\"https:\/\/www.roth.cz\/wp-content\/uploads\/2025\/11\/ship.jpg 900w, https:\/\/www.roth.cz\/wp-content\/uploads\/2025\/11\/ship-300x200.jpg 300w, https:\/\/www.roth.cz\/wp-content\/uploads\/2025\/11\/ship-768x512.jpg 768w\" \/><span class=\"the7-hover-icon\"><svg aria-hidden=\"true\" class=\"e-font-icon-svg e-fas-ellipsis-h\" viewBox=\"0 0 512 512\" xmlns=\"http:\/\/www.w3.org\/2000\/svg\"><path d=\"M328 256c0 39.8-32.2 72-72 72s-72-32.2-72-72 32.2-72 72-72 72 32.2 72 72zm104-72c-39.8 0-72 32.2-72 72s32.2 72 72 72 72-32.2 72-72-32.2-72-72-72zm-352 0c-39.8 0-72 32.2-72 72s32.2 72 72 72 72-32.2 72-72-32.2-72-72-72z\"><\/path><\/svg><\/span><\/a>\n\t\t<\/div>\n\t<\/div>\n\n\n<div class=\"post-entry-content\">\n\n\t<h3 class=\"ele-entry-title\"><a href=\"https:\/\/www.roth.cz\/de\/der-roth-cargo-ansatz-fuer-den-transport-zerbrechliche-gueter\/\" rel=\"bookmark\" title=\"Der ROTH Cargo-Ansatz f\u00fcr den Transport zerbrechliche G\u00fcter\">Der ROTH Cargo-Ansatz f\u00fcr den Transport zerbrechliche G\u00fcter<\/a><\/h3><div class=\"entry-meta\"><a href=\"https:\/\/www.roth.cz\/de\/2025\/07\/03\/\" title=\"9:32\" class=\"meta-item data-link\" rel=\"bookmark\"><time class=\"entry-date updated\" datetime=\"2025-07-03T09:32:22+02:00\">3. 7. 2025<\/time><\/a><\/div>\n<\/div><\/article><\/div><div class=\"visible wf-cell\" data-post-id=\"6475\" data-date=\"2025-06-18T09:32:42+02:00\" data-name=\"Fliegen mit Haustieren? Expertentipps f\u00fcr den Umzug von Haustieren ins Ausland\"><article class=\"post visible post-6475 type-post status-publish format-standard has-post-thumbnail hentry category-news\" data-name=\"Fliegen mit Haustieren? Expertentipps f\u00fcr den Umzug von Haustieren ins Ausland\" data-date=\"2025-06-18T09:32:42+02:00\">\n\n\t<div class=\"post-thumbnail-wrap\">\n\t\t<div class=\"post-thumbnail\">\n\n\t\t\t<a class=\"post-thumbnail-rollover layzr-bg img-css-resize-wrapper\" aria-label=\"Post image\" href=\"https:\/\/www.roth.cz\/de\/fliegen-mit-haustieren-expertentipps-fuer-den-umzug-von-haustieren-ins-ausland\/\"><img decoding=\"async\" width=\"900\" height=\"600\" src=\"data:image\/svg+xml,%3Csvg%20xmlns%3D&#039;http%3A%2F%2Fwww.w3.org%2F2000%2Fsvg&#039;%20viewBox%3D&#039;0%200%20900%20600&#039;%2F%3E\" class=\"attachment-full size-full preload-me aspect lazy lazy-load\" alt=\"\" sizes=\"(max-width: 900px) 100vw, 900px\" style=\"--ratio: 900 \/ 600;\" data-src=\"https:\/\/www.roth.cz\/wp-content\/uploads\/2025\/11\/moving-pets.jpg\" loading=\"eager\" data-srcset=\"https:\/\/www.roth.cz\/wp-content\/uploads\/2025\/11\/moving-pets.jpg 900w, https:\/\/www.roth.cz\/wp-content\/uploads\/2025\/11\/moving-pets-300x200.jpg 300w, https:\/\/www.roth.cz\/wp-content\/uploads\/2025\/11\/moving-pets-768x512.jpg 768w\" \/><span class=\"the7-hover-icon\"><svg aria-hidden=\"true\" class=\"e-font-icon-svg e-fas-ellipsis-h\" viewBox=\"0 0 512 512\" xmlns=\"http:\/\/www.w3.org\/2000\/svg\"><path d=\"M328 256c0 39.8-32.2 72-72 72s-72-32.2-72-72 32.2-72 72-72 72 32.2 72 72zm104-72c-39.8 0-72 32.2-72 72s32.2 72 72 72 72-32.2 72-72-32.2-72-72-72zm-352 0c-39.8 0-72 32.2-72 72s32.2 72 72 72 72-32.2 72-72-32.2-72-72-72z\"><\/path><\/svg><\/span><\/a>\n\t\t<\/div>\n\t<\/div>\n\n\n<div class=\"post-entry-content\">\n\n\t<h3 class=\"ele-entry-title\"><a href=\"https:\/\/www.roth.cz\/de\/fliegen-mit-haustieren-expertentipps-fuer-den-umzug-von-haustieren-ins-ausland\/\" rel=\"bookmark\" title=\"Fliegen mit Haustieren? Expertentipps f\u00fcr den Umzug von Haustieren ins Ausland\">Fliegen mit Haustieren? Expertentipps f\u00fcr den Umzug von Haustieren ins Ausland<\/a><\/h3><div class=\"entry-meta\"><a href=\"https:\/\/www.roth.cz\/de\/2025\/06\/18\/\" title=\"9:32\" class=\"meta-item data-link\" rel=\"bookmark\"><time class=\"entry-date updated\" datetime=\"2025-06-18T09:32:42+02:00\">18. 6. 2025<\/time><\/a><\/div>\n<\/div><\/article><\/div><div class=\"visible wf-cell\" data-post-id=\"6479\" data-date=\"2025-05-09T09:33:01+02:00\" data-name=\"Die Rolle von Frachtspediteuren in globalen Lieferketten\"><article class=\"post visible post-6479 type-post status-publish format-standard has-post-thumbnail hentry category-news\" data-name=\"Die Rolle von Frachtspediteuren in globalen Lieferketten\" data-date=\"2025-05-09T09:33:01+02:00\">\n\n\t<div class=\"post-thumbnail-wrap\">\n\t\t<div class=\"post-thumbnail\">\n\n\t\t\t<a class=\"post-thumbnail-rollover layzr-bg img-css-resize-wrapper\" aria-label=\"Post image\" href=\"https:\/\/www.roth.cz\/de\/die-rolle-von-frachtspediteuren-in-globalen-lieferketten\/\"><img decoding=\"async\" width=\"900\" height=\"600\" src=\"data:image\/svg+xml,%3Csvg%20xmlns%3D&#039;http%3A%2F%2Fwww.w3.org%2F2000%2Fsvg&#039;%20viewBox%3D&#039;0%200%20900%20600&#039;%2F%3E\" class=\"attachment-full size-full preload-me aspect lazy lazy-load\" alt=\"\" sizes=\"(max-width: 900px) 100vw, 900px\" style=\"--ratio: 900 \/ 600;\" data-src=\"https:\/\/www.roth.cz\/wp-content\/uploads\/2025\/11\/cargo-ferry.jpg\" loading=\"eager\" data-srcset=\"https:\/\/www.roth.cz\/wp-content\/uploads\/2025\/11\/cargo-ferry.jpg 900w, https:\/\/www.roth.cz\/wp-content\/uploads\/2025\/11\/cargo-ferry-300x200.jpg 300w, https:\/\/www.roth.cz\/wp-content\/uploads\/2025\/11\/cargo-ferry-768x512.jpg 768w\" \/><span class=\"the7-hover-icon\"><svg aria-hidden=\"true\" class=\"e-font-icon-svg e-fas-ellipsis-h\" viewBox=\"0 0 512 512\" xmlns=\"http:\/\/www.w3.org\/2000\/svg\"><path d=\"M328 256c0 39.8-32.2 72-72 72s-72-32.2-72-72 32.2-72 72-72 72 32.2 72 72zm104-72c-39.8 0-72 32.2-72 72s32.2 72 72 72 72-32.2 72-72-32.2-72-72-72zm-352 0c-39.8 0-72 32.2-72 72s32.2 72 72 72 72-32.2 72-72-32.2-72-72-72z\"><\/path><\/svg><\/span><\/a>\n\t\t<\/div>\n\t<\/div>\n\n\n<div class=\"post-entry-content\">\n\n\t<h3 class=\"ele-entry-title\"><a href=\"https:\/\/www.roth.cz\/de\/die-rolle-von-frachtspediteuren-in-globalen-lieferketten\/\" rel=\"bookmark\" title=\"Die Rolle von Frachtspediteuren in globalen Lieferketten\">Die Rolle von Frachtspediteuren in globalen Lieferketten<\/a><\/h3><div class=\"entry-meta\"><a href=\"https:\/\/www.roth.cz\/de\/2025\/05\/09\/\" title=\"9:33\" class=\"meta-item data-link\" rel=\"bookmark\"><time class=\"entry-date updated\" datetime=\"2025-05-09T09:33:01+02:00\">9. 5. 2025<\/time><\/a><\/div>\n<\/div><\/article><\/div><div class=\"visible wf-cell\" data-post-id=\"6483\" data-date=\"2025-04-14T09:33:16+02:00\" data-name=\"Die Zukunft der nachhaltige Schifffahrt: Trends, die man im Auge behalten sollte\"><article class=\"post visible post-6483 type-post status-publish format-standard has-post-thumbnail hentry category-news\" data-name=\"Die Zukunft der nachhaltige Schifffahrt: Trends, die man im Auge behalten sollte\" data-date=\"2025-04-14T09:33:16+02:00\">\n\n\t<div class=\"post-thumbnail-wrap\">\n\t\t<div class=\"post-thumbnail\">\n\n\t\t\t<a class=\"post-thumbnail-rollover layzr-bg img-css-resize-wrapper\" aria-label=\"Post image\" href=\"https:\/\/www.roth.cz\/de\/die-zukunft-der-nachhaltige-schifffahrt-trends-die-man-im-auge-behalten-sollte\/\"><img decoding=\"async\" width=\"900\" height=\"600\" src=\"data:image\/svg+xml,%3Csvg%20xmlns%3D&#039;http%3A%2F%2Fwww.w3.org%2F2000%2Fsvg&#039;%20viewBox%3D&#039;0%200%20900%20600&#039;%2F%3E\" class=\"attachment-full size-full preload-me aspect lazy lazy-load\" alt=\"\" sizes=\"(max-width: 900px) 100vw, 900px\" style=\"--ratio: 900 \/ 600;\" data-src=\"https:\/\/www.roth.cz\/wp-content\/uploads\/2025\/11\/cargo-ship.jpg\" loading=\"eager\" data-srcset=\"https:\/\/www.roth.cz\/wp-content\/uploads\/2025\/11\/cargo-ship.jpg 900w, https:\/\/www.roth.cz\/wp-content\/uploads\/2025\/11\/cargo-ship-300x200.jpg 300w, https:\/\/www.roth.cz\/wp-content\/uploads\/2025\/11\/cargo-ship-768x512.jpg 768w\" \/><span class=\"the7-hover-icon\"><svg aria-hidden=\"true\" class=\"e-font-icon-svg e-fas-ellipsis-h\" viewBox=\"0 0 512 512\" xmlns=\"http:\/\/www.w3.org\/2000\/svg\"><path d=\"M328 256c0 39.8-32.2 72-72 72s-72-32.2-72-72 32.2-72 72-72 72 32.2 72 72zm104-72c-39.8 0-72 32.2-72 72s32.2 72 72 72 72-32.2 72-72-32.2-72-72-72zm-352 0c-39.8 0-72 32.2-72 72s32.2 72 72 72 72-32.2 72-72-32.2-72-72-72z\"><\/path><\/svg><\/span><\/a>\n\t\t<\/div>\n\t<\/div>\n\n\n<div class=\"post-entry-content\">\n\n\t<h3 class=\"ele-entry-title\"><a href=\"https:\/\/www.roth.cz\/de\/die-zukunft-der-nachhaltige-schifffahrt-trends-die-man-im-auge-behalten-sollte\/\" rel=\"bookmark\" title=\"Die Zukunft der nachhaltige Schifffahrt: Trends, die man im Auge behalten sollte\">Die Zukunft der nachhaltige Schifffahrt: Trends, die man im Auge behalten sollte<\/a><\/h3><div class=\"entry-meta\"><a href=\"https:\/\/www.roth.cz\/de\/2025\/04\/14\/\" title=\"9:33\" class=\"meta-item data-link\" rel=\"bookmark\"><time class=\"entry-date updated\" datetime=\"2025-04-14T09:33:16+02:00\">14. 4. 2025<\/time><\/a><\/div>\n<\/div><\/article><\/div><div class=\"visible wf-cell\" data-post-id=\"6492\" data-date=\"2025-03-01T09:33:29+01:00\" data-name=\"Wie w\u00e4hlt man die richtige Versandart f\u00fcr weltweite Lieferungen aus\"><article class=\"post visible post-6492 type-post status-publish format-standard has-post-thumbnail hentry category-news\" data-name=\"Wie w\u00e4hlt man die richtige Versandart f\u00fcr weltweite Lieferungen aus\" data-date=\"2025-03-01T09:33:29+01:00\">\n\n\t<div class=\"post-thumbnail-wrap\">\n\t\t<div class=\"post-thumbnail\">\n\n\t\t\t<a class=\"post-thumbnail-rollover layzr-bg img-css-resize-wrapper\" aria-label=\"Post image\" href=\"https:\/\/www.roth.cz\/de\/wie-waehlt-man-die-richtige-versandart-fuer-weltweite-lieferungen-aus\/\"><img decoding=\"async\" width=\"900\" height=\"600\" src=\"data:image\/svg+xml,%3Csvg%20xmlns%3D&#039;http%3A%2F%2Fwww.w3.org%2F2000%2Fsvg&#039;%20viewBox%3D&#039;0%200%20900%20600&#039;%2F%3E\" class=\"attachment-full size-full preload-me aspect lazy lazy-load\" alt=\"\" sizes=\"(max-width: 900px) 100vw, 900px\" style=\"--ratio: 900 \/ 600;\" data-src=\"https:\/\/www.roth.cz\/wp-content\/uploads\/2025\/11\/transportation.jpg\" loading=\"eager\" data-srcset=\"https:\/\/www.roth.cz\/wp-content\/uploads\/2025\/11\/transportation.jpg 900w, https:\/\/www.roth.cz\/wp-content\/uploads\/2025\/11\/transportation-300x200.jpg 300w, https:\/\/www.roth.cz\/wp-content\/uploads\/2025\/11\/transportation-768x512.jpg 768w\" \/><span class=\"the7-hover-icon\"><svg aria-hidden=\"true\" class=\"e-font-icon-svg e-fas-ellipsis-h\" viewBox=\"0 0 512 512\" xmlns=\"http:\/\/www.w3.org\/2000\/svg\"><path d=\"M328 256c0 39.8-32.2 72-72 72s-72-32.2-72-72 32.2-72 72-72 72 32.2 72 72zm104-72c-39.8 0-72 32.2-72 72s32.2 72 72 72 72-32.2 72-72-32.2-72-72-72zm-352 0c-39.8 0-72 32.2-72 72s32.2 72 72 72 72-32.2 72-72-32.2-72-72-72z\"><\/path><\/svg><\/span><\/a>\n\t\t<\/div>\n\t<\/div>\n\n\n<div class=\"post-entry-content\">\n\n\t<h3 class=\"ele-entry-title\"><a href=\"https:\/\/www.roth.cz\/de\/wie-waehlt-man-die-richtige-versandart-fuer-weltweite-lieferungen-aus\/\" rel=\"bookmark\" title=\"Wie w\u00e4hlt man die richtige Versandart f\u00fcr weltweite Lieferungen aus\">Wie w\u00e4hlt man die richtige Versandart f\u00fcr weltweite Lieferungen aus<\/a><\/h3><div class=\"entry-meta\"><a href=\"https:\/\/www.roth.cz\/de\/2025\/03\/01\/\" title=\"9:33\" class=\"meta-item data-link\" rel=\"bookmark\"><time class=\"entry-date updated\" datetime=\"2025-03-01T09:33:29+01:00\">1. 3. 2025<\/time><\/a><\/div>\n<\/div><\/article><\/div><div class=\"visible wf-cell\" data-post-id=\"6485\" data-date=\"2025-02-22T09:33:47+01:00\" data-name=\"Wie bew\u00e4ltigt man h\u00e4ufige Herausforderungen im grenz\u00fcberschreitenden Versand\"><article class=\"post visible post-6485 type-post status-publish format-standard has-post-thumbnail hentry category-news\" data-name=\"Wie bew\u00e4ltigt man h\u00e4ufige Herausforderungen im grenz\u00fcberschreitenden Versand\" data-date=\"2025-02-22T09:33:47+01:00\">\n\n\t<div class=\"post-thumbnail-wrap\">\n\t\t<div class=\"post-thumbnail\">\n\n\t\t\t<a class=\"post-thumbnail-rollover layzr-bg img-css-resize-wrapper\" aria-label=\"Post image\" href=\"https:\/\/www.roth.cz\/de\/wie-bewaeltigt-man-haeufige-herausforderungen-im-grenzueberschreitenden-versand\/\"><img decoding=\"async\" width=\"900\" height=\"600\" src=\"data:image\/svg+xml,%3Csvg%20xmlns%3D&#039;http%3A%2F%2Fwww.w3.org%2F2000%2Fsvg&#039;%20viewBox%3D&#039;0%200%20900%20600&#039;%2F%3E\" class=\"attachment-full size-full preload-me aspect lazy lazy-load\" alt=\"\" sizes=\"(max-width: 900px) 100vw, 900px\" style=\"--ratio: 900 \/ 600;\" data-src=\"https:\/\/www.roth.cz\/wp-content\/uploads\/2025\/11\/air-transport.jpg\" loading=\"eager\" data-srcset=\"https:\/\/www.roth.cz\/wp-content\/uploads\/2025\/11\/air-transport.jpg 900w, https:\/\/www.roth.cz\/wp-content\/uploads\/2025\/11\/air-transport-300x200.jpg 300w, https:\/\/www.roth.cz\/wp-content\/uploads\/2025\/11\/air-transport-768x512.jpg 768w\" \/><span class=\"the7-hover-icon\"><svg aria-hidden=\"true\" class=\"e-font-icon-svg e-fas-ellipsis-h\" viewBox=\"0 0 512 512\" xmlns=\"http:\/\/www.w3.org\/2000\/svg\"><path d=\"M328 256c0 39.8-32.2 72-72 72s-72-32.2-72-72 32.2-72 72-72 72 32.2 72 72zm104-72c-39.8 0-72 32.2-72 72s32.2 72 72 72 72-32.2 72-72-32.2-72-72-72zm-352 0c-39.8 0-72 32.2-72 72s32.2 72 72 72 72-32.2 72-72-32.2-72-72-72z\"><\/path><\/svg><\/span><\/a>\n\t\t<\/div>\n\t<\/div>\n\n\n<div class=\"post-entry-content\">\n\n\t<h3 class=\"ele-entry-title\"><a href=\"https:\/\/www.roth.cz\/de\/wie-bewaeltigt-man-haeufige-herausforderungen-im-grenzueberschreitenden-versand\/\" rel=\"bookmark\" title=\"Wie bew\u00e4ltigt man h\u00e4ufige Herausforderungen im grenz\u00fcberschreitenden Versand\">Wie bew\u00e4ltigt man h\u00e4ufige Herausforderungen im grenz\u00fcberschreitenden Versand<\/a><\/h3><div class=\"entry-meta\"><a href=\"https:\/\/www.roth.cz\/de\/2025\/02\/22\/\" title=\"9:33\" class=\"meta-item data-link\" rel=\"bookmark\"><time class=\"entry-date updated\" datetime=\"2025-02-22T09:33:47+01:00\">22. 2. 2025<\/time><\/a><\/div>\n<\/div><\/article><\/div><div class=\"visible wf-cell\" data-post-id=\"6487\" data-date=\"2025-01-19T09:34:07+01:00\" data-name=\"Management des weltweiten Transports regulierter G\u00fcter\"><article class=\"post visible post-6487 type-post status-publish format-standard has-post-thumbnail hentry category-news\" data-name=\"Management des weltweiten Transports regulierter G\u00fcter\" data-date=\"2025-01-19T09:34:07+01:00\">\n\n\t<div class=\"post-thumbnail-wrap\">\n\t\t<div class=\"post-thumbnail\">\n\n\t\t\t<a class=\"post-thumbnail-rollover layzr-bg img-css-resize-wrapper\" aria-label=\"Post image\" href=\"https:\/\/www.roth.cz\/de\/management-des-weltweiten-transports-regulierter-gueter\/\"><img decoding=\"async\" width=\"900\" height=\"600\" src=\"data:image\/svg+xml,%3Csvg%20xmlns%3D&#039;http%3A%2F%2Fwww.w3.org%2F2000%2Fsvg&#039;%20viewBox%3D&#039;0%200%20900%20600&#039;%2F%3E\" class=\"attachment-full size-full preload-me aspect lazy lazy-load\" alt=\"\" sizes=\"(max-width: 900px) 100vw, 900px\" style=\"--ratio: 900 \/ 600;\" data-src=\"https:\/\/www.roth.cz\/wp-content\/uploads\/2025\/11\/air-cargo.jpg\" loading=\"eager\" data-srcset=\"https:\/\/www.roth.cz\/wp-content\/uploads\/2025\/11\/air-cargo.jpg 900w, https:\/\/www.roth.cz\/wp-content\/uploads\/2025\/11\/air-cargo-300x200.jpg 300w, https:\/\/www.roth.cz\/wp-content\/uploads\/2025\/11\/air-cargo-768x512.jpg 768w\" \/><span class=\"the7-hover-icon\"><svg aria-hidden=\"true\" class=\"e-font-icon-svg e-fas-ellipsis-h\" viewBox=\"0 0 512 512\" xmlns=\"http:\/\/www.w3.org\/2000\/svg\"><path d=\"M328 256c0 39.8-32.2 72-72 72s-72-32.2-72-72 32.2-72 72-72 72 32.2 72 72zm104-72c-39.8 0-72 32.2-72 72s32.2 72 72 72 72-32.2 72-72-32.2-72-72-72zm-352 0c-39.8 0-72 32.2-72 72s32.2 72 72 72 72-32.2 72-72-32.2-72-72-72z\"><\/path><\/svg><\/span><\/a>\n\t\t<\/div>\n\t<\/div>\n\n\n<div class=\"post-entry-content\">\n\n\t<h3 class=\"ele-entry-title\"><a href=\"https:\/\/www.roth.cz\/de\/management-des-weltweiten-transports-regulierter-gueter\/\" rel=\"bookmark\" title=\"Management des weltweiten Transports regulierter G\u00fcter\">Management des weltweiten Transports regulierter G\u00fcter<\/a><\/h3><div class=\"entry-meta\"><a href=\"https:\/\/www.roth.cz\/de\/2025\/01\/19\/\" title=\"9:34\" class=\"meta-item data-link\" rel=\"bookmark\"><time class=\"entry-date updated\" datetime=\"2025-01-19T09:34:07+01:00\">19. 1. 2025<\/time><\/a><\/div>\n<\/div><\/article><\/div><\/div><!-- iso-container|iso-grid --><\/div>\t\t\t\t<\/div>\n\t\t\t\t<\/div>\n\t\t\t\t\t<\/div>\n\t\t<\/div>\n\t\t\t\t\t<\/div>\n\t\t<\/section>\n\t\t\t\t<\/div>\n\t\t","protected":false},"excerpt":{"rendered":"<p>Blog Aktuelle Neuigkeiten und Blogbeitr\u00e4ge<\/p>\n","protected":false},"author":1,"featured_media":6279,"parent":0,"menu_order":50,"comment_status":"closed","ping_status":"closed","template":"","meta":{"footnotes":""},"class_list":["post-6280","page","type-page","status-publish","has-post-thumbnail","hentry"],"yoast_head":"<!-- This site is optimized with the Yoast SEO plugin v26.9 - https:\/\/yoast.com\/product\/yoast-seo-wordpress\/ -->\n<title>Blog - ROTH CARGO<\/title>\n<meta name=\"description\" content=\"In unserem Blog finden Sie die neuesten Nachrichten aus der Welt des Lufttransports. Die Blogbeitr\u00e4ge basieren auf unserer langj\u00e4hrigen Erfahrung.\" \/>\n<meta name=\"robots\" content=\"index, follow, max-snippet:-1, max-image-preview:large, max-video-preview:-1\" \/>\n<link rel=\"canonical\" href=\"https:\/\/www.roth.cz\/de\/blog\/\" \/>\n<meta property=\"og:locale\" content=\"de_DE\" \/>\n<meta property=\"og:type\" content=\"article\" \/>\n<meta property=\"og:title\" content=\"Blog - ROTH CARGO\" \/>\n<meta property=\"og:description\" content=\"In unserem Blog finden Sie die neuesten Nachrichten aus der Welt des Lufttransports. Die Blogbeitr\u00e4ge basieren auf unserer langj\u00e4hrigen Erfahrung.\" \/>\n<meta property=\"og:url\" content=\"https:\/\/www.roth.cz\/de\/blog\/\" \/>\n<meta property=\"og:site_name\" content=\"ROTH CARGO\" \/>\n<meta property=\"article:modified_time\" content=\"2025-12-02T05:12:26+00:00\" \/>\n<meta property=\"og:image\" content=\"https:\/\/www.roth.cz\/wp-content\/uploads\/2020\/02\/tr013.jpg\" \/>\n\t<meta property=\"og:image:width\" content=\"1500\" \/>\n\t<meta property=\"og:image:height\" content=\"1000\" \/>\n\t<meta property=\"og:image:type\" content=\"image\/jpeg\" \/>\n<meta name=\"twitter:card\" content=\"summary_large_image\" \/>\n<meta name=\"twitter:label1\" content=\"Gesch\u00e4tzte Lesezeit\" \/>\n\t<meta name=\"twitter:data1\" content=\"1\u00a0Minute\" \/>\n<script type=\"application\/ld+json\" class=\"yoast-schema-graph\">{\"@context\":\"https:\/\/schema.org\",\"@graph\":[{\"@type\":\"WebPage\",\"@id\":\"https:\/\/www.roth.cz\/de\/blog\/\",\"url\":\"https:\/\/www.roth.cz\/de\/blog\/\",\"name\":\"Blog - ROTH CARGO\",\"isPartOf\":{\"@id\":\"https:\/\/www.roth.cz\/de\/#website\"},\"primaryImageOfPage\":{\"@id\":\"https:\/\/www.roth.cz\/de\/blog\/#primaryimage\"},\"image\":{\"@id\":\"https:\/\/www.roth.cz\/de\/blog\/#primaryimage\"},\"thumbnailUrl\":\"https:\/\/www.roth.cz\/wp-content\/uploads\/2020\/02\/tr013.jpg\",\"datePublished\":\"2020-02-15T09:38:12+00:00\",\"dateModified\":\"2025-12-02T05:12:26+00:00\",\"description\":\"In unserem Blog finden Sie die neuesten Nachrichten aus der Welt des Lufttransports. Die Blogbeitr\u00e4ge basieren auf unserer langj\u00e4hrigen Erfahrung.\",\"breadcrumb\":{\"@id\":\"https:\/\/www.roth.cz\/de\/blog\/#breadcrumb\"},\"inLanguage\":\"de\",\"potentialAction\":[{\"@type\":\"ReadAction\",\"target\":[\"https:\/\/www.roth.cz\/de\/blog\/\"]}]},{\"@type\":\"ImageObject\",\"inLanguage\":\"de\",\"@id\":\"https:\/\/www.roth.cz\/de\/blog\/#primaryimage\",\"url\":\"https:\/\/www.roth.cz\/wp-content\/uploads\/2020\/02\/tr013.jpg\",\"contentUrl\":\"https:\/\/www.roth.cz\/wp-content\/uploads\/2020\/02\/tr013.jpg\",\"width\":1500,\"height\":1000},{\"@type\":\"BreadcrumbList\",\"@id\":\"https:\/\/www.roth.cz\/de\/blog\/#breadcrumb\",\"itemListElement\":[{\"@type\":\"ListItem\",\"position\":1,\"name\":\"Dom\u016f\",\"item\":\"https:\/\/www.roth.cz\/de\/\"},{\"@type\":\"ListItem\",\"position\":2,\"name\":\"Blog\"}]},{\"@type\":\"WebSite\",\"@id\":\"https:\/\/www.roth.cz\/de\/#website\",\"url\":\"https:\/\/www.roth.cz\/de\/\",\"name\":\"ROTH CARGO\",\"description\":\"\",\"publisher\":{\"@id\":\"https:\/\/www.roth.cz\/de\/#organization\"},\"potentialAction\":[{\"@type\":\"SearchAction\",\"target\":{\"@type\":\"EntryPoint\",\"urlTemplate\":\"https:\/\/www.roth.cz\/de\/?s={search_term_string}\"},\"query-input\":{\"@type\":\"PropertyValueSpecification\",\"valueRequired\":true,\"valueName\":\"search_term_string\"}}],\"inLanguage\":\"de\"},{\"@type\":\"Organization\",\"@id\":\"https:\/\/www.roth.cz\/de\/#organization\",\"name\":\"ROTH CARGO\",\"url\":\"https:\/\/www.roth.cz\/de\/\",\"logo\":{\"@type\":\"ImageObject\",\"inLanguage\":\"de\",\"@id\":\"https:\/\/www.roth.cz\/de\/#\/schema\/logo\/image\/\",\"url\":\"https:\/\/www.roth.cz\/wp-content\/uploads\/2025\/11\/logo-roth.webp\",\"contentUrl\":\"https:\/\/www.roth.cz\/wp-content\/uploads\/2025\/11\/logo-roth.webp\",\"width\":327,\"height\":148,\"caption\":\"ROTH CARGO\"},\"image\":{\"@id\":\"https:\/\/www.roth.cz\/de\/#\/schema\/logo\/image\/\"}}]}<\/script>\n<!-- \/ Yoast SEO plugin. -->","yoast_head_json":{"title":"Blog - ROTH CARGO","description":"In unserem Blog finden Sie die neuesten Nachrichten aus der Welt des Lufttransports. Die Blogbeitr\u00e4ge basieren auf unserer langj\u00e4hrigen Erfahrung.","robots":{"index":"index","follow":"follow","max-snippet":"max-snippet:-1","max-image-preview":"max-image-preview:large","max-video-preview":"max-video-preview:-1"},"canonical":"https:\/\/www.roth.cz\/de\/blog\/","og_locale":"de_DE","og_type":"article","og_title":"Blog - ROTH CARGO","og_description":"In unserem Blog finden Sie die neuesten Nachrichten aus der Welt des Lufttransports. Die Blogbeitr\u00e4ge basieren auf unserer langj\u00e4hrigen Erfahrung.","og_url":"https:\/\/www.roth.cz\/de\/blog\/","og_site_name":"ROTH CARGO","article_modified_time":"2025-12-02T05:12:26+00:00","og_image":[{"width":1500,"height":1000,"url":"https:\/\/www.roth.cz\/wp-content\/uploads\/2020\/02\/tr013.jpg","type":"image\/jpeg"}],"twitter_card":"summary_large_image","twitter_misc":{"Gesch\u00e4tzte Lesezeit":"1\u00a0Minute"},"schema":{"@context":"https:\/\/schema.org","@graph":[{"@type":"WebPage","@id":"https:\/\/www.roth.cz\/de\/blog\/","url":"https:\/\/www.roth.cz\/de\/blog\/","name":"Blog - ROTH CARGO","isPartOf":{"@id":"https:\/\/www.roth.cz\/de\/#website"},"primaryImageOfPage":{"@id":"https:\/\/www.roth.cz\/de\/blog\/#primaryimage"},"image":{"@id":"https:\/\/www.roth.cz\/de\/blog\/#primaryimage"},"thumbnailUrl":"https:\/\/www.roth.cz\/wp-content\/uploads\/2020\/02\/tr013.jpg","datePublished":"2020-02-15T09:38:12+00:00","dateModified":"2025-12-02T05:12:26+00:00","description":"In unserem Blog finden Sie die neuesten Nachrichten aus der Welt des Lufttransports. Die Blogbeitr\u00e4ge basieren auf unserer langj\u00e4hrigen Erfahrung.","breadcrumb":{"@id":"https:\/\/www.roth.cz\/de\/blog\/#breadcrumb"},"inLanguage":"de","potentialAction":[{"@type":"ReadAction","target":["https:\/\/www.roth.cz\/de\/blog\/"]}]},{"@type":"ImageObject","inLanguage":"de","@id":"https:\/\/www.roth.cz\/de\/blog\/#primaryimage","url":"https:\/\/www.roth.cz\/wp-content\/uploads\/2020\/02\/tr013.jpg","contentUrl":"https:\/\/www.roth.cz\/wp-content\/uploads\/2020\/02\/tr013.jpg","width":1500,"height":1000},{"@type":"BreadcrumbList","@id":"https:\/\/www.roth.cz\/de\/blog\/#breadcrumb","itemListElement":[{"@type":"ListItem","position":1,"name":"Dom\u016f","item":"https:\/\/www.roth.cz\/de\/"},{"@type":"ListItem","position":2,"name":"Blog"}]},{"@type":"WebSite","@id":"https:\/\/www.roth.cz\/de\/#website","url":"https:\/\/www.roth.cz\/de\/","name":"ROTH CARGO","description":"","publisher":{"@id":"https:\/\/www.roth.cz\/de\/#organization"},"potentialAction":[{"@type":"SearchAction","target":{"@type":"EntryPoint","urlTemplate":"https:\/\/www.roth.cz\/de\/?s={search_term_string}"},"query-input":{"@type":"PropertyValueSpecification","valueRequired":true,"valueName":"search_term_string"}}],"inLanguage":"de"},{"@type":"Organization","@id":"https:\/\/www.roth.cz\/de\/#organization","name":"ROTH CARGO","url":"https:\/\/www.roth.cz\/de\/","logo":{"@type":"ImageObject","inLanguage":"de","@id":"https:\/\/www.roth.cz\/de\/#\/schema\/logo\/image\/","url":"https:\/\/www.roth.cz\/wp-content\/uploads\/2025\/11\/logo-roth.webp","contentUrl":"https:\/\/www.roth.cz\/wp-content\/uploads\/2025\/11\/logo-roth.webp","width":327,"height":148,"caption":"ROTH CARGO"},"image":{"@id":"https:\/\/www.roth.cz\/de\/#\/schema\/logo\/image\/"}}]}},"_links":{"self":[{"href":"https:\/\/www.roth.cz\/de\/wp-json\/wp\/v2\/pages\/6280","targetHints":{"allow":["GET"]}}],"collection":[{"href":"https:\/\/www.roth.cz\/de\/wp-json\/wp\/v2\/pages"}],"about":[{"href":"https:\/\/www.roth.cz\/de\/wp-json\/wp\/v2\/types\/page"}],"author":[{"embeddable":true,"href":"https:\/\/www.roth.cz\/de\/wp-json\/wp\/v2\/users\/1"}],"replies":[{"embeddable":true,"href":"https:\/\/www.roth.cz\/de\/wp-json\/wp\/v2\/comments?post=6280"}],"version-history":[{"count":4,"href":"https:\/\/www.roth.cz\/de\/wp-json\/wp\/v2\/pages\/6280\/revisions"}],"predecessor-version":[{"id":6351,"href":"https:\/\/www.roth.cz\/de\/wp-json\/wp\/v2\/pages\/6280\/revisions\/6351"}],"wp:featuredmedia":[{"embeddable":true,"href":"https:\/\/www.roth.cz\/de\/wp-json\/wp\/v2\/media\/6279"}],"wp:attachment":[{"href":"https:\/\/www.roth.cz\/de\/wp-json\/wp\/v2\/media?parent=6280"}],"curies":[{"name":"wp","href":"https:\/\/api.w.org\/{rel}","templated":true}]}}