{"id":6249,"date":"2020-02-18T09:35:02","date_gmt":"2020-02-18T08:35:02","guid":{"rendered":"https:\/\/www.roth.cz\/services\/transport-von-persoenlichen-gegenstaenden\/"},"modified":"2025-12-04T06:49:28","modified_gmt":"2025-12-04T05:49:28","slug":"transport-von-persoenlichen-gegenstaenden","status":"publish","type":"services","link":"https:\/\/www.roth.cz\/de\/services\/transport-von-persoenlichen-gegenstaenden\/","title":{"rendered":"Transport von pers\u00f6nlichen Gegenst\u00e4nden"},"content":{"rendered":"\t\t<div data-elementor-type=\"wp-post\" data-elementor-id=\"6249\" class=\"elementor elementor-6249 elementor-149\" data-elementor-post-type=\"services\">\n\t\t\t\t\t\t<section class=\"elementor-section elementor-top-section elementor-element elementor-element-15ab696 elementor-section-boxed elementor-section-height-default elementor-section-height-default\" data-id=\"15ab696\" data-element_type=\"section\" data-e-type=\"section\" data-settings=\"{&quot;background_background&quot;:&quot;classic&quot;}\">\n\t\t\t\t\t\t\t<div class=\"elementor-background-overlay\"><\/div>\n\t\t\t\t\t\t\t<div class=\"elementor-container elementor-column-gap-wider\">\n\t\t\t\t\t<div class=\"elementor-column elementor-col-100 elementor-top-column elementor-element elementor-element-550bfe4\" data-id=\"550bfe4\" data-element_type=\"column\" data-e-type=\"column\">\n\t\t\t<div class=\"elementor-widget-wrap elementor-element-populated\">\n\t\t\t\t\t\t<div class=\"elementor-element elementor-element-4b38a7f elementor-widget elementor-widget-text-editor\" data-id=\"4b38a7f\" data-element_type=\"widget\" data-e-type=\"widget\" data-widget_type=\"text-editor.default\">\n\t\t\t\t\t\t\t\t\t<p>Planen Sie eine Fahrradtour im Ausland und wollen Sie Ihr teures Fahrrad per Flugzeug zum Zielort transportieren lassen? Oder haben Sie eine luxuri\u00f6se Einrichtung gekauft, die nicht in Ihr Auto passt? Luftfracht ist die M\u00f6glichkeit, Ihre Sachen schnell und zuverl\u00e4ssig an entfernte Ziele zu transportieren. Glauben Sie, dass der Transport mit dem Auto vorteilhafter ist als mit dem Flugzeug? In vielen F\u00e4llen nicht, da Sie dem Spediteur auch den R\u00fcckweg bezahlen m\u00fcssen. Und er dauert lange und es k\u00f6nnen viele Komplikationen auftreten. Aber was wichtig ist: Luftfracht ist schnell, bequem und Sie werden sich keine Sorgen machen m\u00fcssen.<\/p><p>Wir transportieren Ihre pers\u00f6nlichen Gegenst\u00e4nde zuverl\u00e4ssig und kosteng\u00fcnstig an jeden gew\u00fcnschten Bestimmungsort. Sicher, zuverl\u00e4ssig und g\u00fcnstig \u2013 \u00fcberlassen Sie es uns, wir k\u00f6nnen Ihnen Zeit und Sorgen ersparen.<\/p>\t\t\t\t\t\t\t\t<\/div>\n\t\t\t\t\t<\/div>\n\t\t<\/div>\n\t\t\t\t\t<\/div>\n\t\t<\/section>\n\t\t\t\t<section class=\"elementor-section elementor-top-section elementor-element elementor-element-583caee elementor-section-boxed elementor-section-height-default elementor-section-height-default\" data-id=\"583caee\" data-element_type=\"section\" data-e-type=\"section\" data-settings=\"{&quot;background_background&quot;:&quot;classic&quot;}\">\n\t\t\t\t\t\t\t<div class=\"elementor-background-overlay\"><\/div>\n\t\t\t\t\t\t\t<div class=\"elementor-container elementor-column-gap-wider\">\n\t\t\t\t\t<div class=\"elementor-column elementor-col-100 elementor-top-column elementor-element elementor-element-f868202\" data-id=\"f868202\" data-element_type=\"column\" data-e-type=\"column\">\n\t\t\t<div class=\"elementor-widget-wrap elementor-element-populated\">\n\t\t\t\t\t\t<div class=\"elementor-element elementor-element-d8cc38f elementor-widget elementor-widget-heading\" data-id=\"d8cc38f\" data-element_type=\"widget\" data-e-type=\"widget\" data-widget_type=\"heading.default\">\n\t\t\t\t\t<h2 class=\"elementor-heading-title elementor-size-default\">WAS SIND PERS\u00d6NLICHE GEGENST\u00c4NDE?<\/h2>\t\t\t\t<\/div>\n\t\t\t\t<div class=\"elementor-element elementor-element-46af96c elementor-widget elementor-widget-spacer\" data-id=\"46af96c\" data-element_type=\"widget\" data-e-type=\"widget\" data-widget_type=\"spacer.default\">\n\t\t\t\t\t\t\t<div class=\"elementor-spacer\">\n\t\t\t<div class=\"elementor-spacer-inner\"><\/div>\n\t\t<\/div>\n\t\t\t\t\t\t<\/div>\n\t\t\t\t<div class=\"elementor-element elementor-element-fa90acc elementor-widget elementor-widget-text-editor\" data-id=\"fa90acc\" data-element_type=\"widget\" data-e-type=\"widget\" data-widget_type=\"text-editor.default\">\n\t\t\t\t\t\t\t\t\t<p>Mit pers\u00f6nlichen Gegenst\u00e4nden ist nicht nur Ihr Koffer gemeint, den Sie am Flughafen abfertigen. Sie k\u00f6nnen auch andere Dinge getrennt per Luftfracht versenden, zum Beispiel Kleidung, Outdoor-Artikel, Glas, Fahrr\u00e4der, B\u00fccher, Elektronik, Einrichtungsgegenst\u00e4nde, Rollst\u00fchle und sogar M\u00f6bel. All dies kann per Luftfracht an den Bestimmungsort geliefert werden. Diese pers\u00f6nlichen Dinge k\u00f6nnen von Ihren Verwandten oder Freunden aus dem Ausland geschickt werden oder Sie k\u00f6nnen solche Dinge an sie schicken. Auf diese Weise k\u00f6nnen Sie auch \u00dcbergep\u00e4ck vermeiden. Bei der Luftfracht ist Ihre Anwesenheit nicht erforderlich. Unser Unternehmen k\u00fcmmert sich vollst\u00e4ndig um Ihre Sendung. Wir k\u00f6nnen diese bei Ihnen zu Hause einpacken und Sie k\u00f6nnen Ihrem Freund am anderen Ende der Welt eine Nachricht schicken.<\/p>\t\t\t\t\t\t\t\t<\/div>\n\t\t\t\t\t<\/div>\n\t\t<\/div>\n\t\t\t\t\t<\/div>\n\t\t<\/section>\n\t\t\t\t<section class=\"elementor-section elementor-top-section elementor-element elementor-element-33e322a elementor-section-boxed elementor-section-height-default elementor-section-height-default\" data-id=\"33e322a\" data-element_type=\"section\" data-e-type=\"section\" data-settings=\"{&quot;background_background&quot;:&quot;classic&quot;}\">\n\t\t\t\t\t\t\t<div class=\"elementor-background-overlay\"><\/div>\n\t\t\t\t\t\t\t<div class=\"elementor-container elementor-column-gap-wider\">\n\t\t\t\t\t<div class=\"elementor-column elementor-col-100 elementor-top-column elementor-element elementor-element-ad73b2d\" data-id=\"ad73b2d\" data-element_type=\"column\" data-e-type=\"column\">\n\t\t\t<div class=\"elementor-widget-wrap elementor-element-populated\">\n\t\t\t\t\t\t<div class=\"elementor-element elementor-element-5a6ded8 elementor-widget elementor-widget-heading\" data-id=\"5a6ded8\" data-element_type=\"widget\" data-e-type=\"widget\" data-widget_type=\"heading.default\">\n\t\t\t\t\t<h2 class=\"elementor-heading-title elementor-size-default\">WICHTIGE INFORMATIONEN ZUM TRANSPORT VON PERS\u00d6NLICHEN GEGENST\u00c4NDEN<\/h2>\t\t\t\t<\/div>\n\t\t\t\t<div class=\"elementor-element elementor-element-6f36433 elementor-widget elementor-widget-spacer\" data-id=\"6f36433\" data-element_type=\"widget\" data-e-type=\"widget\" data-widget_type=\"spacer.default\">\n\t\t\t\t\t\t\t<div class=\"elementor-spacer\">\n\t\t\t<div class=\"elementor-spacer-inner\"><\/div>\n\t\t<\/div>\n\t\t\t\t\t\t<\/div>\n\t\t\t\t<div class=\"elementor-element elementor-element-4184eae elementor-widget elementor-widget-text-editor\" data-id=\"4184eae\" data-element_type=\"widget\" data-e-type=\"widget\" data-widget_type=\"text-editor.default\">\n\t\t\t\t\t\t\t\t\t<p>Angaben auf dem pers\u00f6nlichen Luftfrachtbrief:<\/p>\t\t\t\t\t\t\t\t<\/div>\n\t\t\t\t<div class=\"elementor-element elementor-element-5c97bee elementor-widget elementor-widget-spacer\" data-id=\"5c97bee\" data-element_type=\"widget\" data-e-type=\"widget\" data-widget_type=\"spacer.default\">\n\t\t\t\t\t\t\t<div class=\"elementor-spacer\">\n\t\t\t<div class=\"elementor-spacer-inner\"><\/div>\n\t\t<\/div>\n\t\t\t\t\t\t<\/div>\n\t\t\t\t<div class=\"elementor-element elementor-element-9c26570 content-align-left icon-box-vertical-align-top icon-position-left icon-vertical-align-start elementor-widget elementor-widget-the7_icon_box_grid_widget\" data-id=\"9c26570\" data-element_type=\"widget\" data-e-type=\"widget\" data-widget_type=\"the7_icon_box_grid_widget.default\">\n\t\t\t\t<div class=\"elementor-widget-container\">\n\t\t\t\t\t<div class=\"the7-box-grid-wrapper the7-elementor-widget loading-effect-none the7_icon_box_grid_widget-9c26570\">\t\t\t<div class=\"dt-css-grid\">\n\t\t\t\t\t\t\t\t\t<div class=\"wf-cell shown\">\n\t\t\t\t\t\t<div class=\"the7-icon-box-grid\">\t\t\t\t\t\t\t<div class=\"box-content-wrapper\">\n\t\t\t\t\t\t\t\t\t\t\t\t\t\t\t\t\t<a class=\"elementor-icon-div\" aria-label=\"Nummer der Sendung\">\t\t\t\t\t\t\t\t\t\t<div class=\"elementor-icon\">\n\t\t\t\t\t\t\t\t\t\t\t<svg aria-hidden=\"true\" class=\"e-font-icon-svg e-fas-check\" viewBox=\"0 0 512 512\" xmlns=\"http:\/\/www.w3.org\/2000\/svg\"><path d=\"M173.898 439.404l-166.4-166.4c-9.997-9.997-9.997-26.206 0-36.204l36.203-36.204c9.997-9.998 26.207-9.998 36.204 0L192 312.69 432.095 72.596c9.997-9.997 26.207-9.997 36.204 0l36.203 36.204c9.997 9.997 9.997 26.206 0 36.204l-294.4 294.401c-9.998 9.997-26.207 9.997-36.204-.001z\"><\/path><\/svg>\t\t\t\t\t\t\t\t\t\t<\/div>\n\t\t\t\t\t\t\t\t\t<\/a>\t\t\t\t\t\t\t\t\t\t\t\t\t\t\t\t<div class=\"box-content\">\n\t\t\t\t\t\t\t\t\t\t\t\t\t\t\t\t\t\t\t\t\t\t\t\t\t\t\t\t\t<h4 class=\"box-heading\">\n\t\t\t\t\t\t\t\t\t\t\t<a aria-label=\"Nummer der Sendung\">\t\t\t\t\t\t\t\t\t\t\t\tNummer der Sendung\t\t\t\t\t\t\t\t\t\t\t<\/a>\t\t\t\t\t\t\t\t\t\t<\/h4>\n\t\t\t\t\t\t\t\t\t\t\t\t\t\t\t\t\t\t\t\t\t\t\t\t\t\t\t\t\t\t\t\t\t\t\t<\/div>\n\t\t\t\t\t\t\t<\/div>\n\t\t\t\t\t\t<\/div>\t\t\t\t\t<\/div>\n\t\t\t\t\t\t\t\t\t<div class=\"wf-cell shown\">\n\t\t\t\t\t\t<div class=\"the7-icon-box-grid\">\t\t\t\t\t\t\t<div class=\"box-content-wrapper\">\n\t\t\t\t\t\t\t\t\t\t\t\t\t\t\t\t\t<a class=\"elementor-icon-div\" aria-label=\"Abflug und Ankunft des Frachtflugzeugs\">\t\t\t\t\t\t\t\t\t\t<div class=\"elementor-icon\">\n\t\t\t\t\t\t\t\t\t\t\t<svg aria-hidden=\"true\" class=\"e-font-icon-svg e-fas-check\" viewBox=\"0 0 512 512\" xmlns=\"http:\/\/www.w3.org\/2000\/svg\"><path d=\"M173.898 439.404l-166.4-166.4c-9.997-9.997-9.997-26.206 0-36.204l36.203-36.204c9.997-9.998 26.207-9.998 36.204 0L192 312.69 432.095 72.596c9.997-9.997 26.207-9.997 36.204 0l36.203 36.204c9.997 9.997 9.997 26.206 0 36.204l-294.4 294.401c-9.998 9.997-26.207 9.997-36.204-.001z\"><\/path><\/svg>\t\t\t\t\t\t\t\t\t\t<\/div>\n\t\t\t\t\t\t\t\t\t<\/a>\t\t\t\t\t\t\t\t\t\t\t\t\t\t\t\t<div class=\"box-content\">\n\t\t\t\t\t\t\t\t\t\t\t\t\t\t\t\t\t\t\t\t\t\t\t\t\t\t\t\t\t<h4 class=\"box-heading\">\n\t\t\t\t\t\t\t\t\t\t\t<a aria-label=\"Abflug und Ankunft des Frachtflugzeugs\">\t\t\t\t\t\t\t\t\t\t\t\tAbflug und Ankunft des Frachtflugzeugs\t\t\t\t\t\t\t\t\t\t\t<\/a>\t\t\t\t\t\t\t\t\t\t<\/h4>\n\t\t\t\t\t\t\t\t\t\t\t\t\t\t\t\t\t\t\t\t\t\t\t\t\t\t\t\t\t\t\t\t\t\t\t<\/div>\n\t\t\t\t\t\t\t<\/div>\n\t\t\t\t\t\t<\/div>\t\t\t\t\t<\/div>\n\t\t\t\t\t\t\t\t\t<div class=\"wf-cell shown\">\n\t\t\t\t\t\t<div class=\"the7-icon-box-grid\">\t\t\t\t\t\t\t<div class=\"box-content-wrapper\">\n\t\t\t\t\t\t\t\t\t\t\t\t\t\t\t\t\t<a class=\"elementor-icon-div\" aria-label=\"Name, Kontakt und Adresse des Versenders\">\t\t\t\t\t\t\t\t\t\t<div class=\"elementor-icon\">\n\t\t\t\t\t\t\t\t\t\t\t<svg aria-hidden=\"true\" class=\"e-font-icon-svg e-fas-check\" viewBox=\"0 0 512 512\" xmlns=\"http:\/\/www.w3.org\/2000\/svg\"><path d=\"M173.898 439.404l-166.4-166.4c-9.997-9.997-9.997-26.206 0-36.204l36.203-36.204c9.997-9.998 26.207-9.998 36.204 0L192 312.69 432.095 72.596c9.997-9.997 26.207-9.997 36.204 0l36.203 36.204c9.997 9.997 9.997 26.206 0 36.204l-294.4 294.401c-9.998 9.997-26.207 9.997-36.204-.001z\"><\/path><\/svg>\t\t\t\t\t\t\t\t\t\t<\/div>\n\t\t\t\t\t\t\t\t\t<\/a>\t\t\t\t\t\t\t\t\t\t\t\t\t\t\t\t<div class=\"box-content\">\n\t\t\t\t\t\t\t\t\t\t\t\t\t\t\t\t\t\t\t\t\t\t\t\t\t\t\t\t\t<h4 class=\"box-heading\">\n\t\t\t\t\t\t\t\t\t\t\t<a aria-label=\"Name, Kontakt und Adresse des Versenders\">\t\t\t\t\t\t\t\t\t\t\t\tName, Kontakt und Adresse des Versenders\t\t\t\t\t\t\t\t\t\t\t<\/a>\t\t\t\t\t\t\t\t\t\t<\/h4>\n\t\t\t\t\t\t\t\t\t\t\t\t\t\t\t\t\t\t\t\t\t\t\t\t\t\t\t\t\t\t\t\t\t\t\t<\/div>\n\t\t\t\t\t\t\t<\/div>\n\t\t\t\t\t\t<\/div>\t\t\t\t\t<\/div>\n\t\t\t\t\t\t\t\t\t<div class=\"wf-cell shown\">\n\t\t\t\t\t\t<div class=\"the7-icon-box-grid\">\t\t\t\t\t\t\t<div class=\"box-content-wrapper\">\n\t\t\t\t\t\t\t\t\t\t\t\t\t\t\t\t\t<a class=\"elementor-icon-div\" aria-label=\"Beschreibung und Abmessungen der Gegenst\u00e4nde\">\t\t\t\t\t\t\t\t\t\t<div class=\"elementor-icon\">\n\t\t\t\t\t\t\t\t\t\t\t<svg aria-hidden=\"true\" class=\"e-font-icon-svg e-fas-check\" viewBox=\"0 0 512 512\" xmlns=\"http:\/\/www.w3.org\/2000\/svg\"><path d=\"M173.898 439.404l-166.4-166.4c-9.997-9.997-9.997-26.206 0-36.204l36.203-36.204c9.997-9.998 26.207-9.998 36.204 0L192 312.69 432.095 72.596c9.997-9.997 26.207-9.997 36.204 0l36.203 36.204c9.997 9.997 9.997 26.206 0 36.204l-294.4 294.401c-9.998 9.997-26.207 9.997-36.204-.001z\"><\/path><\/svg>\t\t\t\t\t\t\t\t\t\t<\/div>\n\t\t\t\t\t\t\t\t\t<\/a>\t\t\t\t\t\t\t\t\t\t\t\t\t\t\t\t<div class=\"box-content\">\n\t\t\t\t\t\t\t\t\t\t\t\t\t\t\t\t\t\t\t\t\t\t\t\t\t\t\t\t\t<h4 class=\"box-heading\">\n\t\t\t\t\t\t\t\t\t\t\t<a aria-label=\"Beschreibung und Abmessungen der Gegenst\u00e4nde\">\t\t\t\t\t\t\t\t\t\t\t\tBeschreibung und Abmessungen der Gegenst\u00e4nde\t\t\t\t\t\t\t\t\t\t\t<\/a>\t\t\t\t\t\t\t\t\t\t<\/h4>\n\t\t\t\t\t\t\t\t\t\t\t\t\t\t\t\t\t\t\t\t\t\t\t\t\t\t\t\t\t\t\t\t\t\t\t<\/div>\n\t\t\t\t\t\t\t<\/div>\n\t\t\t\t\t\t<\/div>\t\t\t\t\t<\/div>\n\t\t\t\t\t\t\t<\/div>\n\t\t<\/div>\t\t\t\t<\/div>\n\t\t\t\t<\/div>\n\t\t\t\t\t<\/div>\n\t\t<\/div>\n\t\t\t\t\t<\/div>\n\t\t<\/section>\n\t\t\t\t<\/div>\n\t\t","protected":false},"excerpt":{"rendered":"<p>Transport von pers\u00f6nlichen Gegenst\u00e4nden<\/p>\n","protected":false},"featured_media":6248,"template":"","service_category":[],"class_list":["post-6249","services","type-services","status-publish","has-post-thumbnail","hentry"],"yoast_head":"<!-- This site is optimized with the Yoast SEO plugin v26.9 - https:\/\/yoast.com\/product\/yoast-seo-wordpress\/ -->\n<title>Transport von pers\u00f6nlichen Gegenst\u00e4nden - ROTH CARGO<\/title>\n<meta name=\"description\" content=\"Lufttransport von pers\u00f6nlichem Gep\u00e4ck zu entlegenen Zielen. Sparen Sie Zeit. Wir gew\u00e4hrleisten einen sicheren und effizienten Transport.\" \/>\n<meta name=\"robots\" content=\"index, follow, max-snippet:-1, max-image-preview:large, max-video-preview:-1\" \/>\n<link rel=\"canonical\" href=\"https:\/\/www.roth.cz\/de\/services\/transport-von-persoenlichen-gegenstaenden\/\" \/>\n<meta property=\"og:locale\" content=\"de_DE\" \/>\n<meta property=\"og:type\" content=\"article\" \/>\n<meta property=\"og:title\" content=\"Transport von pers\u00f6nlichen Gegenst\u00e4nden - ROTH CARGO\" \/>\n<meta property=\"og:description\" content=\"Lufttransport von pers\u00f6nlichem Gep\u00e4ck zu entlegenen Zielen. Sparen Sie Zeit. Wir gew\u00e4hrleisten einen sicheren und effizienten Transport.\" \/>\n<meta property=\"og:url\" content=\"https:\/\/www.roth.cz\/de\/services\/transport-von-persoenlichen-gegenstaenden\/\" \/>\n<meta property=\"og:site_name\" content=\"ROTH CARGO\" \/>\n<meta property=\"article:modified_time\" content=\"2025-12-04T05:49:28+00:00\" \/>\n<meta property=\"og:image\" content=\"https:\/\/www.roth.cz\/wp-content\/uploads\/2025\/11\/air-transport.jpg\" \/>\n\t<meta property=\"og:image:width\" content=\"900\" \/>\n\t<meta property=\"og:image:height\" content=\"600\" \/>\n\t<meta property=\"og:image:type\" content=\"image\/jpeg\" \/>\n<meta name=\"twitter:card\" content=\"summary_large_image\" \/>\n<meta name=\"twitter:label1\" content=\"Gesch\u00e4tzte Lesezeit\" \/>\n\t<meta name=\"twitter:data1\" content=\"1\u00a0Minute\" \/>\n<script type=\"application\/ld+json\" class=\"yoast-schema-graph\">{\"@context\":\"https:\/\/schema.org\",\"@graph\":[{\"@type\":\"WebPage\",\"@id\":\"https:\/\/www.roth.cz\/de\/services\/transport-von-persoenlichen-gegenstaenden\/\",\"url\":\"https:\/\/www.roth.cz\/de\/services\/transport-von-persoenlichen-gegenstaenden\/\",\"name\":\"Transport von pers\u00f6nlichen Gegenst\u00e4nden - ROTH CARGO\",\"isPartOf\":{\"@id\":\"https:\/\/www.roth.cz\/de\/#website\"},\"primaryImageOfPage\":{\"@id\":\"https:\/\/www.roth.cz\/de\/services\/transport-von-persoenlichen-gegenstaenden\/#primaryimage\"},\"image\":{\"@id\":\"https:\/\/www.roth.cz\/de\/services\/transport-von-persoenlichen-gegenstaenden\/#primaryimage\"},\"thumbnailUrl\":\"https:\/\/www.roth.cz\/wp-content\/uploads\/2025\/11\/air-transport.jpg\",\"datePublished\":\"2020-02-18T08:35:02+00:00\",\"dateModified\":\"2025-12-04T05:49:28+00:00\",\"description\":\"Lufttransport von pers\u00f6nlichem Gep\u00e4ck zu entlegenen Zielen. Sparen Sie Zeit. Wir gew\u00e4hrleisten einen sicheren und effizienten Transport.\",\"breadcrumb\":{\"@id\":\"https:\/\/www.roth.cz\/de\/services\/transport-von-persoenlichen-gegenstaenden\/#breadcrumb\"},\"inLanguage\":\"de\",\"potentialAction\":[{\"@type\":\"ReadAction\",\"target\":[\"https:\/\/www.roth.cz\/de\/services\/transport-von-persoenlichen-gegenstaenden\/\"]}]},{\"@type\":\"ImageObject\",\"inLanguage\":\"de\",\"@id\":\"https:\/\/www.roth.cz\/de\/services\/transport-von-persoenlichen-gegenstaenden\/#primaryimage\",\"url\":\"https:\/\/www.roth.cz\/wp-content\/uploads\/2025\/11\/air-transport.jpg\",\"contentUrl\":\"https:\/\/www.roth.cz\/wp-content\/uploads\/2025\/11\/air-transport.jpg\",\"width\":900,\"height\":600},{\"@type\":\"BreadcrumbList\",\"@id\":\"https:\/\/www.roth.cz\/de\/services\/transport-von-persoenlichen-gegenstaenden\/#breadcrumb\",\"itemListElement\":[{\"@type\":\"ListItem\",\"position\":1,\"name\":\"Dom\u016f\",\"item\":\"https:\/\/www.roth.cz\/de\/\"},{\"@type\":\"ListItem\",\"position\":2,\"name\":\"Transport von pers\u00f6nlichen Gegenst\u00e4nden\"}]},{\"@type\":\"WebSite\",\"@id\":\"https:\/\/www.roth.cz\/de\/#website\",\"url\":\"https:\/\/www.roth.cz\/de\/\",\"name\":\"ROTH CARGO\",\"description\":\"\",\"publisher\":{\"@id\":\"https:\/\/www.roth.cz\/de\/#organization\"},\"potentialAction\":[{\"@type\":\"SearchAction\",\"target\":{\"@type\":\"EntryPoint\",\"urlTemplate\":\"https:\/\/www.roth.cz\/de\/?s={search_term_string}\"},\"query-input\":{\"@type\":\"PropertyValueSpecification\",\"valueRequired\":true,\"valueName\":\"search_term_string\"}}],\"inLanguage\":\"de\"},{\"@type\":\"Organization\",\"@id\":\"https:\/\/www.roth.cz\/de\/#organization\",\"name\":\"ROTH CARGO\",\"url\":\"https:\/\/www.roth.cz\/de\/\",\"logo\":{\"@type\":\"ImageObject\",\"inLanguage\":\"de\",\"@id\":\"https:\/\/www.roth.cz\/de\/#\/schema\/logo\/image\/\",\"url\":\"https:\/\/www.roth.cz\/wp-content\/uploads\/2025\/11\/logo-roth.webp\",\"contentUrl\":\"https:\/\/www.roth.cz\/wp-content\/uploads\/2025\/11\/logo-roth.webp\",\"width\":327,\"height\":148,\"caption\":\"ROTH CARGO\"},\"image\":{\"@id\":\"https:\/\/www.roth.cz\/de\/#\/schema\/logo\/image\/\"}}]}<\/script>\n<!-- \/ Yoast SEO plugin. -->","yoast_head_json":{"title":"Transport von pers\u00f6nlichen Gegenst\u00e4nden - ROTH CARGO","description":"Lufttransport von pers\u00f6nlichem Gep\u00e4ck zu entlegenen Zielen. Sparen Sie Zeit. Wir gew\u00e4hrleisten einen sicheren und effizienten Transport.","robots":{"index":"index","follow":"follow","max-snippet":"max-snippet:-1","max-image-preview":"max-image-preview:large","max-video-preview":"max-video-preview:-1"},"canonical":"https:\/\/www.roth.cz\/de\/services\/transport-von-persoenlichen-gegenstaenden\/","og_locale":"de_DE","og_type":"article","og_title":"Transport von pers\u00f6nlichen Gegenst\u00e4nden - ROTH CARGO","og_description":"Lufttransport von pers\u00f6nlichem Gep\u00e4ck zu entlegenen Zielen. Sparen Sie Zeit. Wir gew\u00e4hrleisten einen sicheren und effizienten Transport.","og_url":"https:\/\/www.roth.cz\/de\/services\/transport-von-persoenlichen-gegenstaenden\/","og_site_name":"ROTH CARGO","article_modified_time":"2025-12-04T05:49:28+00:00","og_image":[{"width":900,"height":600,"url":"https:\/\/www.roth.cz\/wp-content\/uploads\/2025\/11\/air-transport.jpg","type":"image\/jpeg"}],"twitter_card":"summary_large_image","twitter_misc":{"Gesch\u00e4tzte Lesezeit":"1\u00a0Minute"},"schema":{"@context":"https:\/\/schema.org","@graph":[{"@type":"WebPage","@id":"https:\/\/www.roth.cz\/de\/services\/transport-von-persoenlichen-gegenstaenden\/","url":"https:\/\/www.roth.cz\/de\/services\/transport-von-persoenlichen-gegenstaenden\/","name":"Transport von pers\u00f6nlichen Gegenst\u00e4nden - ROTH CARGO","isPartOf":{"@id":"https:\/\/www.roth.cz\/de\/#website"},"primaryImageOfPage":{"@id":"https:\/\/www.roth.cz\/de\/services\/transport-von-persoenlichen-gegenstaenden\/#primaryimage"},"image":{"@id":"https:\/\/www.roth.cz\/de\/services\/transport-von-persoenlichen-gegenstaenden\/#primaryimage"},"thumbnailUrl":"https:\/\/www.roth.cz\/wp-content\/uploads\/2025\/11\/air-transport.jpg","datePublished":"2020-02-18T08:35:02+00:00","dateModified":"2025-12-04T05:49:28+00:00","description":"Lufttransport von pers\u00f6nlichem Gep\u00e4ck zu entlegenen Zielen. Sparen Sie Zeit. Wir gew\u00e4hrleisten einen sicheren und effizienten Transport.","breadcrumb":{"@id":"https:\/\/www.roth.cz\/de\/services\/transport-von-persoenlichen-gegenstaenden\/#breadcrumb"},"inLanguage":"de","potentialAction":[{"@type":"ReadAction","target":["https:\/\/www.roth.cz\/de\/services\/transport-von-persoenlichen-gegenstaenden\/"]}]},{"@type":"ImageObject","inLanguage":"de","@id":"https:\/\/www.roth.cz\/de\/services\/transport-von-persoenlichen-gegenstaenden\/#primaryimage","url":"https:\/\/www.roth.cz\/wp-content\/uploads\/2025\/11\/air-transport.jpg","contentUrl":"https:\/\/www.roth.cz\/wp-content\/uploads\/2025\/11\/air-transport.jpg","width":900,"height":600},{"@type":"BreadcrumbList","@id":"https:\/\/www.roth.cz\/de\/services\/transport-von-persoenlichen-gegenstaenden\/#breadcrumb","itemListElement":[{"@type":"ListItem","position":1,"name":"Dom\u016f","item":"https:\/\/www.roth.cz\/de\/"},{"@type":"ListItem","position":2,"name":"Transport von pers\u00f6nlichen Gegenst\u00e4nden"}]},{"@type":"WebSite","@id":"https:\/\/www.roth.cz\/de\/#website","url":"https:\/\/www.roth.cz\/de\/","name":"ROTH CARGO","description":"","publisher":{"@id":"https:\/\/www.roth.cz\/de\/#organization"},"potentialAction":[{"@type":"SearchAction","target":{"@type":"EntryPoint","urlTemplate":"https:\/\/www.roth.cz\/de\/?s={search_term_string}"},"query-input":{"@type":"PropertyValueSpecification","valueRequired":true,"valueName":"search_term_string"}}],"inLanguage":"de"},{"@type":"Organization","@id":"https:\/\/www.roth.cz\/de\/#organization","name":"ROTH CARGO","url":"https:\/\/www.roth.cz\/de\/","logo":{"@type":"ImageObject","inLanguage":"de","@id":"https:\/\/www.roth.cz\/de\/#\/schema\/logo\/image\/","url":"https:\/\/www.roth.cz\/wp-content\/uploads\/2025\/11\/logo-roth.webp","contentUrl":"https:\/\/www.roth.cz\/wp-content\/uploads\/2025\/11\/logo-roth.webp","width":327,"height":148,"caption":"ROTH CARGO"},"image":{"@id":"https:\/\/www.roth.cz\/de\/#\/schema\/logo\/image\/"}}]}},"_links":{"self":[{"href":"https:\/\/www.roth.cz\/de\/wp-json\/wp\/v2\/services\/6249","targetHints":{"allow":["GET"]}}],"collection":[{"href":"https:\/\/www.roth.cz\/de\/wp-json\/wp\/v2\/services"}],"about":[{"href":"https:\/\/www.roth.cz\/de\/wp-json\/wp\/v2\/types\/services"}],"version-history":[{"count":10,"href":"https:\/\/www.roth.cz\/de\/wp-json\/wp\/v2\/services\/6249\/revisions"}],"predecessor-version":[{"id":6849,"href":"https:\/\/www.roth.cz\/de\/wp-json\/wp\/v2\/services\/6249\/revisions\/6849"}],"wp:featuredmedia":[{"embeddable":true,"href":"https:\/\/www.roth.cz\/de\/wp-json\/wp\/v2\/media\/6248"}],"wp:attachment":[{"href":"https:\/\/www.roth.cz\/de\/wp-json\/wp\/v2\/media?parent=6249"}],"wp:term":[{"taxonomy":"service_category","embeddable":true,"href":"https:\/\/www.roth.cz\/de\/wp-json\/wp\/v2\/service_category?post=6249"}],"curies":[{"name":"wp","href":"https:\/\/api.w.org\/{rel}","templated":true}]}}